{"id":1222,"date":"2024-06-05T17:47:20","date_gmt":"2024-06-05T15:47:20","guid":{"rendered":"https:\/\/m13solidaire.fr\/?page_id=1222"},"modified":"2024-06-05T17:47:21","modified_gmt":"2024-06-05T15:47:21","slug":"activites-culturelles","status":"publish","type":"page","link":"https:\/\/m13solidaire.fr\/?page_id=1222","title":{"rendered":"Activit\u00e9s Culturelles"},"content":{"rendered":"<div  id=\"jtg-1177\" class=\"modula modula-gallery modula-creative-gallery\" data-config=\"{&quot;height&quot;:800,&quot;tabletHeight&quot;:800,&quot;mobileHeight&quot;:800,&quot;desktopHeight&quot;:800,&quot;enableTwitter&quot;:false,&quot;enableWhatsapp&quot;:false,&quot;enableFacebook&quot;:false,&quot;enablePinterest&quot;:false,&quot;enableLinkedin&quot;:false,&quot;enableEmail&quot;:false,&quot;randomFactor&quot;:0.5,&quot;type&quot;:&quot;creative-gallery&quot;,&quot;columns&quot;:12,&quot;gutter&quot;:10,&quot;mobileGutter&quot;:10,&quot;tabletGutter&quot;:10,&quot;desktopGutter&quot;:10,&quot;enableResponsive&quot;:&quot;0&quot;,&quot;tabletColumns&quot;:2,&quot;mobileColumns&quot;:1,&quot;lazyLoad&quot;:0,&quot;lightboxOpts&quot;:{&quot;animated&quot;:true,&quot;Thumbs&quot;:{&quot;type&quot;:&quot;modern&quot;,&quot;showOnStart&quot;:false},&quot;Toolbar&quot;:{&quot;display&quot;:{&quot;right&quot;:[&quot;close&quot;]},&quot;enabled&quot;:true},&quot;Carousel&quot;:{&quot;Panzoom&quot;:{&quot;touch&quot;:true},&quot;infinite&quot;:false},&quot;keyboard&quot;:{&quot;Escape&quot;:&quot;close&quot;,&quot;Delete&quot;:&quot;close&quot;,&quot;Backspace&quot;:&quot;close&quot;,&quot;PageUp&quot;:false,&quot;PageDown&quot;:false,&quot;ArrowUp&quot;:false,&quot;ArrowDown&quot;:false,&quot;ArrowRight&quot;:false,&quot;ArrowLeft&quot;:false},&quot;touch&quot;:false,&quot;backdropClick&quot;:false,&quot;l10n&quot;:{&quot;CLOSE&quot;:&quot;Close&quot;,&quot;NEXT&quot;:&quot;Next&quot;,&quot;PREV&quot;:&quot;Previous&quot;,&quot;Error&quot;:&quot;The requested content cannot be loaded. Please try again later.&quot;,&quot;PLAY_START&quot;:&quot;Start slideshow&quot;,&quot;PLAY_STOP&quot;:&quot;Pause slideshow&quot;,&quot;FULL_SCREEN&quot;:&quot;Full screen&quot;,&quot;THUMBS&quot;:&quot;Thumbnails&quot;,&quot;DOWNLOAD&quot;:&quot;Download&quot;,&quot;SHARE&quot;:&quot;Share&quot;,&quot;ZOOM&quot;:&quot;Zoom&quot;,&quot;EMAIL&quot;:&quot;Here is the link to the image : %%image_link%% and this is the link to the gallery : %%gallery_link%%&quot;,&quot;MODAL&quot;:&quot;You can close this modal content with the ESC key&quot;,&quot;ERROR&quot;:&quot;Something Went Wrong, Please Try Again Later&quot;,&quot;IMAGE_ERROR&quot;:&quot;Image Not Found&quot;,&quot;ELEMENT_NOT_FOUND&quot;:&quot;HTML Element Not Found&quot;,&quot;AJAX_NOT_FOUND&quot;:&quot;Error Loading AJAX : Not Found&quot;,&quot;AJAX_FORBIDDEN&quot;:&quot;Error Loading AJAX : Forbidden&quot;,&quot;IFRAME_ERROR&quot;:&quot;Error Loading Page&quot;,&quot;TOGGLE_ZOOM&quot;:&quot;Toggle zoom level&quot;,&quot;TOGGLE_THUMBS&quot;:&quot;Toggle thumbnails&quot;,&quot;TOGGLE_SLIDESHOW&quot;:&quot;Toggle slideshow&quot;,&quot;TOGGLE_FULLSCREEN&quot;:&quot;Toggle full-screen mode&quot;},&quot;Images&quot;:{&quot;Panzoom&quot;:{&quot;maxScale&quot;:2}},&quot;mainClass&quot;:&quot;modula-fancybox-container modula-lightbox-jtg-1177&quot;,&quot;Html&quot;:{&quot;videoAutoplay&quot;:0,&quot;videoTpl&quot;:&quot;&lt;video class=\\&quot;fancybox__html5video\\&quot; controls muted playsinline controlsList controlsList=\\&quot;nodownload\\&quot; poster=\\&quot;{{poster}}\\&quot; src=\\&quot;{{src}}\\&quot; type=\\&quot;{{format}}\\&quot; &gt;  Sorry, your browser doesn&#039;t support embedded videos, &lt;a href=\\&quot;{{src}}\\&quot;&gt; download &lt;\\\/a&gt; and watch with your favorite video player! &lt;\\\/video&gt;&quot;}},&quot;inView&quot;:false,&quot;email_subject&quot;:&quot;Check out this awesome image !!&quot;,&quot;email_message&quot;:&quot;Here is the link to the image : %%image_link%% and this is the link to the gallery : %%gallery_link%%&quot;,&quot;lightbox&quot;:&quot;fancybox&quot;}\">\n\n\t\n\t<div  class=\"modula-items\">\n\t\t<div class=\"modula-item effect-pufrobo\" >\n\t<div class=\"modula-item-overlay\"><\/div>\n\n\t<div class=\"modula-item-content\">\n\n\t\t<a data-image-id=\"1178\" role=\"button\" data-elementor-open-lightbox=\"no\" tabindex=\"0\" rel=\"jtg-1177\" data-caption=\"\" aria-label=\"Open image in lightbox\" class=\"tile-inner modula-item-link\"><\/a><img fetchpriority=\"high\" decoding=\"async\" class=\"pic wp-image-1178\"  data-valign=\"middle\" data-halign=\"center\" alt=\"\" data-full=\"https:\/\/m13solidaire.fr\/wp-content\/uploads\/2024\/06\/photo-Assemblee-nationale-1.jpg\" title=\"photo Assembl\u00e9e nationale 1\" crop=\"\" width=\"261\" height=\"300\" src=\"https:\/\/m13solidaire.fr\/wp-content\/uploads\/2024\/06\/photo-Assemblee-nationale-1-261x300.jpg\" data-src=\"https:\/\/m13solidaire.fr\/wp-content\/uploads\/2024\/06\/photo-Assemblee-nationale-1-261x300.jpg\" data-caption=\"\" srcset=\"https:\/\/m13solidaire.fr\/wp-content\/uploads\/2024\/06\/photo-Assemblee-nationale-1.jpg 556w, https:\/\/m13solidaire.fr\/wp-content\/uploads\/2024\/06\/photo-Assemblee-nationale-1-261x300.jpg 261w, https:\/\/m13solidaire.fr\/wp-content\/uploads\/2024\/06\/photo-Assemblee-nationale-1-300x345.jpg 300w\" sizes=\"(max-width: 261px) 100vw, 261px\" \/>\n\t\t<div class=\"figc no-description\">\n\t\t\t<div class=\"figc-inner\">\n\t\t\t\t\t\t\t\t\t\t\t\t\t\t\t<\/div>\n\t\t<\/div>\n\n\t<\/div>\n\n<\/div><div class=\"modula-item effect-pufrobo\" >\n\t<div class=\"modula-item-overlay\"><\/div>\n\n\t<div class=\"modula-item-content\">\n\n\t\t<a data-image-id=\"1179\" role=\"button\" data-elementor-open-lightbox=\"no\" tabindex=\"0\" rel=\"jtg-1177\" data-caption=\"\" aria-label=\"Open image in lightbox\" class=\"tile-inner modula-item-link\"><\/a><img decoding=\"async\" class=\"pic wp-image-1179\"  data-valign=\"middle\" data-halign=\"center\" alt=\"\" data-full=\"https:\/\/m13solidaire.fr\/wp-content\/uploads\/2024\/06\/photo-Assemblee-Nationale-2.jpg\" title=\"photo Assembl\u00e9e Nationale 2\" crop=\"\" width=\"300\" height=\"225\" src=\"https:\/\/m13solidaire.fr\/wp-content\/uploads\/2024\/06\/photo-Assemblee-Nationale-2-300x225.jpg\" data-src=\"https:\/\/m13solidaire.fr\/wp-content\/uploads\/2024\/06\/photo-Assemblee-Nationale-2-300x225.jpg\" data-caption=\"\" srcset=\"https:\/\/m13solidaire.fr\/wp-content\/uploads\/2024\/06\/photo-Assemblee-Nationale-2.jpg 640w, https:\/\/m13solidaire.fr\/wp-content\/uploads\/2024\/06\/photo-Assemblee-Nationale-2-300x225.jpg 300w, https:\/\/m13solidaire.fr\/wp-content\/uploads\/2024\/06\/photo-Assemblee-Nationale-2-600x451.jpg 600w\" sizes=\"(max-width: 300px) 100vw, 300px\" \/>\n\t\t<div class=\"figc no-description\">\n\t\t\t<div class=\"figc-inner\">\n\t\t\t\t\t\t\t\t\t\t\t\t\t\t\t<\/div>\n\t\t<\/div>\n\n\t<\/div>\n\n<\/div><div class=\"modula-item effect-pufrobo\" >\n\t<div class=\"modula-item-overlay\"><\/div>\n\n\t<div class=\"modula-item-content\">\n\n\t\t<a data-image-id=\"1180\" role=\"button\" data-elementor-open-lightbox=\"no\" tabindex=\"0\" rel=\"jtg-1177\" data-caption=\"\" aria-label=\"Open image in lightbox\" class=\"tile-inner modula-item-link\"><\/a><img decoding=\"async\" class=\"pic wp-image-1180\"  data-valign=\"middle\" data-halign=\"center\" alt=\"\" data-full=\"https:\/\/m13solidaire.fr\/wp-content\/uploads\/2024\/06\/photo-assemblee-Nationale-3.jpg\" title=\"photo assembl\u00e9e Nationale 3\" crop=\"\" width=\"225\" height=\"300\" src=\"https:\/\/m13solidaire.fr\/wp-content\/uploads\/2024\/06\/photo-assemblee-Nationale-3-225x300.jpg\" data-src=\"https:\/\/m13solidaire.fr\/wp-content\/uploads\/2024\/06\/photo-assemblee-Nationale-3-225x300.jpg\" data-caption=\"\" srcset=\"https:\/\/m13solidaire.fr\/wp-content\/uploads\/2024\/06\/photo-assemblee-Nationale-3.jpg 481w, https:\/\/m13solidaire.fr\/wp-content\/uploads\/2024\/06\/photo-assemblee-Nationale-3-225x300.jpg 225w, https:\/\/m13solidaire.fr\/wp-content\/uploads\/2024\/06\/photo-assemblee-Nationale-3-300x399.jpg 300w\" sizes=\"(max-width: 225px) 100vw, 225px\" \/>\n\t\t<div class=\"figc no-description\">\n\t\t\t<div class=\"figc-inner\">\n\t\t\t\t\t\t\t\t\t\t\t\t\t\t\t<\/div>\n\t\t<\/div>\n\n\t<\/div>\n\n<\/div><div class=\"modula-item effect-pufrobo\" >\n\t<div class=\"modula-item-overlay\"><\/div>\n\n\t<div class=\"modula-item-content\">\n\n\t\t<a data-image-id=\"1181\" role=\"button\" data-elementor-open-lightbox=\"no\" tabindex=\"0\" rel=\"jtg-1177\" data-caption=\"\" aria-label=\"Open image in lightbox\" class=\"tile-inner modula-item-link\"><\/a><img loading=\"lazy\" decoding=\"async\" class=\"pic wp-image-1181\"  data-valign=\"middle\" data-halign=\"center\" alt=\"\" data-full=\"https:\/\/m13solidaire.fr\/wp-content\/uploads\/2024\/06\/photo-BNF-Richelieu-1.jpg\" title=\"photo BNF Richelieu 1\" crop=\"\" width=\"225\" height=\"300\" src=\"https:\/\/m13solidaire.fr\/wp-content\/uploads\/2024\/06\/photo-BNF-Richelieu-1-225x300.jpg\" data-src=\"https:\/\/m13solidaire.fr\/wp-content\/uploads\/2024\/06\/photo-BNF-Richelieu-1-225x300.jpg\" data-caption=\"\" srcset=\"https:\/\/m13solidaire.fr\/wp-content\/uploads\/2024\/06\/photo-BNF-Richelieu-1.jpg 481w, https:\/\/m13solidaire.fr\/wp-content\/uploads\/2024\/06\/photo-BNF-Richelieu-1-225x300.jpg 225w, https:\/\/m13solidaire.fr\/wp-content\/uploads\/2024\/06\/photo-BNF-Richelieu-1-300x399.jpg 300w\" sizes=\"(max-width: 225px) 100vw, 225px\" \/>\n\t\t<div class=\"figc no-description\">\n\t\t\t<div class=\"figc-inner\">\n\t\t\t\t\t\t\t\t\t\t\t\t\t\t\t<\/div>\n\t\t<\/div>\n\n\t<\/div>\n\n<\/div><div class=\"modula-item effect-pufrobo\" >\n\t<div class=\"modula-item-overlay\"><\/div>\n\n\t<div class=\"modula-item-content\">\n\n\t\t<a data-image-id=\"1182\" role=\"button\" data-elementor-open-lightbox=\"no\" tabindex=\"0\" rel=\"jtg-1177\" data-caption=\"\" aria-label=\"Open image in lightbox\" class=\"tile-inner modula-item-link\"><\/a><img loading=\"lazy\" decoding=\"async\" class=\"pic wp-image-1182\"  data-valign=\"middle\" data-halign=\"center\" alt=\"\" data-full=\"https:\/\/m13solidaire.fr\/wp-content\/uploads\/2024\/06\/photo-BNF-Richelieu-2.jpg\" title=\"photo BNF Richelieu 2\" crop=\"\" width=\"225\" height=\"300\" src=\"https:\/\/m13solidaire.fr\/wp-content\/uploads\/2024\/06\/photo-BNF-Richelieu-2-225x300.jpg\" data-src=\"https:\/\/m13solidaire.fr\/wp-content\/uploads\/2024\/06\/photo-BNF-Richelieu-2-225x300.jpg\" data-caption=\"\" srcset=\"https:\/\/m13solidaire.fr\/wp-content\/uploads\/2024\/06\/photo-BNF-Richelieu-2.jpg 481w, https:\/\/m13solidaire.fr\/wp-content\/uploads\/2024\/06\/photo-BNF-Richelieu-2-225x300.jpg 225w, https:\/\/m13solidaire.fr\/wp-content\/uploads\/2024\/06\/photo-BNF-Richelieu-2-300x399.jpg 300w\" sizes=\"(max-width: 225px) 100vw, 225px\" \/>\n\t\t<div class=\"figc no-description\">\n\t\t\t<div class=\"figc-inner\">\n\t\t\t\t\t\t\t\t\t\t\t\t\t\t\t<\/div>\n\t\t<\/div>\n\n\t<\/div>\n\n<\/div><div class=\"modula-item effect-pufrobo\" >\n\t<div class=\"modula-item-overlay\"><\/div>\n\n\t<div class=\"modula-item-content\">\n\n\t\t<a data-image-id=\"1183\" role=\"button\" data-elementor-open-lightbox=\"no\" tabindex=\"0\" rel=\"jtg-1177\" data-caption=\"\" aria-label=\"Open image in lightbox\" class=\"tile-inner modula-item-link\"><\/a><img loading=\"lazy\" decoding=\"async\" class=\"pic wp-image-1183\"  data-valign=\"middle\" data-halign=\"center\" alt=\"\" data-full=\"https:\/\/m13solidaire.fr\/wp-content\/uploads\/2024\/06\/photo-BNF-Richelieu-3.jpg\" title=\"photo BNF Richelieu 3\" crop=\"\" width=\"225\" height=\"300\" src=\"https:\/\/m13solidaire.fr\/wp-content\/uploads\/2024\/06\/photo-BNF-Richelieu-3-225x300.jpg\" data-src=\"https:\/\/m13solidaire.fr\/wp-content\/uploads\/2024\/06\/photo-BNF-Richelieu-3-225x300.jpg\" data-caption=\"\" srcset=\"https:\/\/m13solidaire.fr\/wp-content\/uploads\/2024\/06\/photo-BNF-Richelieu-3.jpg 481w, https:\/\/m13solidaire.fr\/wp-content\/uploads\/2024\/06\/photo-BNF-Richelieu-3-225x300.jpg 225w, https:\/\/m13solidaire.fr\/wp-content\/uploads\/2024\/06\/photo-BNF-Richelieu-3-300x399.jpg 300w\" sizes=\"(max-width: 225px) 100vw, 225px\" \/>\n\t\t<div class=\"figc no-description\">\n\t\t\t<div class=\"figc-inner\">\n\t\t\t\t\t\t\t\t\t\t\t\t\t\t\t<\/div>\n\t\t<\/div>\n\n\t<\/div>\n\n<\/div><div class=\"modula-item effect-pufrobo\" >\n\t<div class=\"modula-item-overlay\"><\/div>\n\n\t<div class=\"modula-item-content\">\n\n\t\t<a data-image-id=\"1184\" role=\"button\" data-elementor-open-lightbox=\"no\" tabindex=\"0\" rel=\"jtg-1177\" data-caption=\"\" aria-label=\"Open image in lightbox\" class=\"tile-inner modula-item-link\"><\/a><img loading=\"lazy\" decoding=\"async\" class=\"pic wp-image-1184\"  data-valign=\"middle\" data-halign=\"center\" alt=\"\" data-full=\"https:\/\/m13solidaire.fr\/wp-content\/uploads\/2024\/06\/photo-BNF-Richelieu-4.jpg\" title=\"photo BNF Richelieu 4\" crop=\"\" width=\"225\" height=\"300\" src=\"https:\/\/m13solidaire.fr\/wp-content\/uploads\/2024\/06\/photo-BNF-Richelieu-4-225x300.jpg\" data-src=\"https:\/\/m13solidaire.fr\/wp-content\/uploads\/2024\/06\/photo-BNF-Richelieu-4-225x300.jpg\" data-caption=\"\" srcset=\"https:\/\/m13solidaire.fr\/wp-content\/uploads\/2024\/06\/photo-BNF-Richelieu-4.jpg 481w, https:\/\/m13solidaire.fr\/wp-content\/uploads\/2024\/06\/photo-BNF-Richelieu-4-225x300.jpg 225w, https:\/\/m13solidaire.fr\/wp-content\/uploads\/2024\/06\/photo-BNF-Richelieu-4-300x399.jpg 300w\" sizes=\"(max-width: 225px) 100vw, 225px\" \/>\n\t\t<div class=\"figc no-description\">\n\t\t\t<div class=\"figc-inner\">\n\t\t\t\t\t\t\t\t\t\t\t\t\t\t\t<\/div>\n\t\t<\/div>\n\n\t<\/div>\n\n<\/div><div class=\"modula-item effect-pufrobo\" >\n\t<div class=\"modula-item-overlay\"><\/div>\n\n\t<div class=\"modula-item-content\">\n\n\t\t<a data-image-id=\"1185\" role=\"button\" data-elementor-open-lightbox=\"no\" tabindex=\"0\" rel=\"jtg-1177\" data-caption=\"\" aria-label=\"Open image in lightbox\" class=\"tile-inner modula-item-link\"><\/a><img loading=\"lazy\" decoding=\"async\" class=\"pic wp-image-1185\"  data-valign=\"middle\" data-halign=\"center\" alt=\"\" data-full=\"https:\/\/m13solidaire.fr\/wp-content\/uploads\/2024\/06\/photo-Comedie-Francaise-1.jpg\" title=\"photo Com\u00e9die Fran\u00e7aise 1\" crop=\"\" width=\"246\" height=\"300\" src=\"https:\/\/m13solidaire.fr\/wp-content\/uploads\/2024\/06\/photo-Comedie-Francaise-1-246x300.jpg\" data-src=\"https:\/\/m13solidaire.fr\/wp-content\/uploads\/2024\/06\/photo-Comedie-Francaise-1-246x300.jpg\" data-caption=\"\" srcset=\"https:\/\/m13solidaire.fr\/wp-content\/uploads\/2024\/06\/photo-Comedie-Francaise-1.jpg 524w, https:\/\/m13solidaire.fr\/wp-content\/uploads\/2024\/06\/photo-Comedie-Francaise-1-246x300.jpg 246w, https:\/\/m13solidaire.fr\/wp-content\/uploads\/2024\/06\/photo-Comedie-Francaise-1-300x366.jpg 300w\" sizes=\"(max-width: 246px) 100vw, 246px\" \/>\n\t\t<div class=\"figc no-description\">\n\t\t\t<div class=\"figc-inner\">\n\t\t\t\t\t\t\t\t\t\t\t\t\t\t\t<\/div>\n\t\t<\/div>\n\n\t<\/div>\n\n<\/div><div class=\"modula-item effect-pufrobo\" >\n\t<div class=\"modula-item-overlay\"><\/div>\n\n\t<div class=\"modula-item-content\">\n\n\t\t<a data-image-id=\"1186\" role=\"button\" data-elementor-open-lightbox=\"no\" tabindex=\"0\" rel=\"jtg-1177\" data-caption=\"\" aria-label=\"Open image in lightbox\" class=\"tile-inner modula-item-link\"><\/a><img loading=\"lazy\" decoding=\"async\" class=\"pic wp-image-1186\"  data-valign=\"middle\" data-halign=\"center\" alt=\"\" data-full=\"https:\/\/m13solidaire.fr\/wp-content\/uploads\/2024\/06\/photo-Comedie-Francaise-2-chaise-Moliere.jpg\" title=\"photo Com\u00e9die Fran\u00e7aise 2 chaise Moli\u00e8re\" crop=\"\" width=\"222\" height=\"300\" src=\"https:\/\/m13solidaire.fr\/wp-content\/uploads\/2024\/06\/photo-Comedie-Francaise-2-chaise-Moliere-222x300.jpg\" data-src=\"https:\/\/m13solidaire.fr\/wp-content\/uploads\/2024\/06\/photo-Comedie-Francaise-2-chaise-Moliere-222x300.jpg\" data-caption=\"\" srcset=\"https:\/\/m13solidaire.fr\/wp-content\/uploads\/2024\/06\/photo-Comedie-Francaise-2-chaise-Moliere.jpg 474w, https:\/\/m13solidaire.fr\/wp-content\/uploads\/2024\/06\/photo-Comedie-Francaise-2-chaise-Moliere-222x300.jpg 222w, https:\/\/m13solidaire.fr\/wp-content\/uploads\/2024\/06\/photo-Comedie-Francaise-2-chaise-Moliere-300x405.jpg 300w\" sizes=\"(max-width: 222px) 100vw, 222px\" \/>\n\t\t<div class=\"figc no-description\">\n\t\t\t<div class=\"figc-inner\">\n\t\t\t\t\t\t\t\t\t\t\t\t\t\t\t<\/div>\n\t\t<\/div>\n\n\t<\/div>\n\n<\/div><div class=\"modula-item effect-pufrobo\" >\n\t<div class=\"modula-item-overlay\"><\/div>\n\n\t<div class=\"modula-item-content\">\n\n\t\t<a data-image-id=\"1187\" role=\"button\" data-elementor-open-lightbox=\"no\" tabindex=\"0\" rel=\"jtg-1177\" data-caption=\"\" aria-label=\"Open image in lightbox\" class=\"tile-inner modula-item-link\"><\/a><img loading=\"lazy\" decoding=\"async\" class=\"pic wp-image-1187\"  data-valign=\"middle\" data-halign=\"center\" alt=\"\" data-full=\"https:\/\/m13solidaire.fr\/wp-content\/uploads\/2024\/06\/photo-Eglise-Val-de-Grace-1.jpg\" title=\"photo Eglise Val de Gr\u00e2ce 1\" crop=\"\" width=\"225\" height=\"300\" src=\"https:\/\/m13solidaire.fr\/wp-content\/uploads\/2024\/06\/photo-Eglise-Val-de-Grace-1-225x300.jpg\" data-src=\"https:\/\/m13solidaire.fr\/wp-content\/uploads\/2024\/06\/photo-Eglise-Val-de-Grace-1-225x300.jpg\" data-caption=\"\" srcset=\"https:\/\/m13solidaire.fr\/wp-content\/uploads\/2024\/06\/photo-Eglise-Val-de-Grace-1.jpg 481w, https:\/\/m13solidaire.fr\/wp-content\/uploads\/2024\/06\/photo-Eglise-Val-de-Grace-1-225x300.jpg 225w, https:\/\/m13solidaire.fr\/wp-content\/uploads\/2024\/06\/photo-Eglise-Val-de-Grace-1-300x399.jpg 300w\" sizes=\"(max-width: 225px) 100vw, 225px\" \/>\n\t\t<div class=\"figc no-description\">\n\t\t\t<div class=\"figc-inner\">\n\t\t\t\t\t\t\t\t\t\t\t\t\t\t\t<\/div>\n\t\t<\/div>\n\n\t<\/div>\n\n<\/div><div class=\"modula-item effect-pufrobo\" >\n\t<div class=\"modula-item-overlay\"><\/div>\n\n\t<div class=\"modula-item-content\">\n\n\t\t<a data-image-id=\"1188\" role=\"button\" data-elementor-open-lightbox=\"no\" tabindex=\"0\" rel=\"jtg-1177\" data-caption=\"\" aria-label=\"Open image in lightbox\" class=\"tile-inner modula-item-link\"><\/a><img loading=\"lazy\" decoding=\"async\" class=\"pic wp-image-1188\"  data-valign=\"middle\" data-halign=\"center\" alt=\"\" data-full=\"https:\/\/m13solidaire.fr\/wp-content\/uploads\/2024\/06\/photo-Eglise-Val-de-Grace-2.jpg\" title=\"photo Eglise Val de Gr\u00e2ce 2\" crop=\"\" width=\"225\" height=\"300\" src=\"https:\/\/m13solidaire.fr\/wp-content\/uploads\/2024\/06\/photo-Eglise-Val-de-Grace-2-225x300.jpg\" data-src=\"https:\/\/m13solidaire.fr\/wp-content\/uploads\/2024\/06\/photo-Eglise-Val-de-Grace-2-225x300.jpg\" data-caption=\"\" srcset=\"https:\/\/m13solidaire.fr\/wp-content\/uploads\/2024\/06\/photo-Eglise-Val-de-Grace-2.jpg 481w, https:\/\/m13solidaire.fr\/wp-content\/uploads\/2024\/06\/photo-Eglise-Val-de-Grace-2-225x300.jpg 225w, https:\/\/m13solidaire.fr\/wp-content\/uploads\/2024\/06\/photo-Eglise-Val-de-Grace-2-300x399.jpg 300w\" sizes=\"(max-width: 225px) 100vw, 225px\" \/>\n\t\t<div class=\"figc no-description\">\n\t\t\t<div class=\"figc-inner\">\n\t\t\t\t\t\t\t\t\t\t\t\t\t\t\t<\/div>\n\t\t<\/div>\n\n\t<\/div>\n\n<\/div><div class=\"modula-item effect-pufrobo\" >\n\t<div class=\"modula-item-overlay\"><\/div>\n\n\t<div class=\"modula-item-content\">\n\n\t\t<a data-image-id=\"1189\" role=\"button\" data-elementor-open-lightbox=\"no\" tabindex=\"0\" rel=\"jtg-1177\" data-caption=\"\" aria-label=\"Open image in lightbox\" class=\"tile-inner modula-item-link\"><\/a><img loading=\"lazy\" decoding=\"async\" class=\"pic wp-image-1189\"  data-valign=\"middle\" data-halign=\"center\" alt=\"\" data-full=\"https:\/\/m13solidaire.fr\/wp-content\/uploads\/2024\/06\/photo-Eglise-Val-de-Grace-3.jpg\" title=\"photo Eglise Val de Gr\u00e2ce 3\" crop=\"\" width=\"225\" height=\"300\" src=\"https:\/\/m13solidaire.fr\/wp-content\/uploads\/2024\/06\/photo-Eglise-Val-de-Grace-3-225x300.jpg\" data-src=\"https:\/\/m13solidaire.fr\/wp-content\/uploads\/2024\/06\/photo-Eglise-Val-de-Grace-3-225x300.jpg\" data-caption=\"\" srcset=\"https:\/\/m13solidaire.fr\/wp-content\/uploads\/2024\/06\/photo-Eglise-Val-de-Grace-3.jpg 481w, https:\/\/m13solidaire.fr\/wp-content\/uploads\/2024\/06\/photo-Eglise-Val-de-Grace-3-225x300.jpg 225w, https:\/\/m13solidaire.fr\/wp-content\/uploads\/2024\/06\/photo-Eglise-Val-de-Grace-3-300x399.jpg 300w\" sizes=\"(max-width: 225px) 100vw, 225px\" \/>\n\t\t<div class=\"figc no-description\">\n\t\t\t<div class=\"figc-inner\">\n\t\t\t\t\t\t\t\t\t\t\t\t\t\t\t<\/div>\n\t\t<\/div>\n\n\t<\/div>\n\n<\/div><div class=\"modula-item effect-pufrobo\" >\n\t<div class=\"modula-item-overlay\"><\/div>\n\n\t<div class=\"modula-item-content\">\n\n\t\t<a data-image-id=\"1190\" role=\"button\" data-elementor-open-lightbox=\"no\" tabindex=\"0\" rel=\"jtg-1177\" data-caption=\"\" aria-label=\"Open image in lightbox\" class=\"tile-inner modula-item-link\"><\/a><img loading=\"lazy\" decoding=\"async\" class=\"pic wp-image-1190\"  data-valign=\"middle\" data-halign=\"center\" alt=\"\" data-full=\"https:\/\/m13solidaire.fr\/wp-content\/uploads\/2024\/06\/photo-jardins-Abert-Kahn-2.jpg\" title=\"photo jardins Abert Kahn 2\" crop=\"\" width=\"225\" height=\"300\" src=\"https:\/\/m13solidaire.fr\/wp-content\/uploads\/2024\/06\/photo-jardins-Abert-Kahn-2-225x300.jpg\" data-src=\"https:\/\/m13solidaire.fr\/wp-content\/uploads\/2024\/06\/photo-jardins-Abert-Kahn-2-225x300.jpg\" data-caption=\"\" srcset=\"https:\/\/m13solidaire.fr\/wp-content\/uploads\/2024\/06\/photo-jardins-Abert-Kahn-2.jpg 480w, https:\/\/m13solidaire.fr\/wp-content\/uploads\/2024\/06\/photo-jardins-Abert-Kahn-2-225x300.jpg 225w, https:\/\/m13solidaire.fr\/wp-content\/uploads\/2024\/06\/photo-jardins-Abert-Kahn-2-300x400.jpg 300w\" sizes=\"(max-width: 225px) 100vw, 225px\" \/>\n\t\t<div class=\"figc no-description\">\n\t\t\t<div class=\"figc-inner\">\n\t\t\t\t\t\t\t\t\t\t\t\t\t\t\t<\/div>\n\t\t<\/div>\n\n\t<\/div>\n\n<\/div><div class=\"modula-item effect-pufrobo\" >\n\t<div class=\"modula-item-overlay\"><\/div>\n\n\t<div class=\"modula-item-content\">\n\n\t\t<a data-image-id=\"1191\" role=\"button\" data-elementor-open-lightbox=\"no\" tabindex=\"0\" rel=\"jtg-1177\" data-caption=\"\" aria-label=\"Open image in lightbox\" class=\"tile-inner modula-item-link\"><\/a><img loading=\"lazy\" decoding=\"async\" class=\"pic wp-image-1191\"  data-valign=\"middle\" data-halign=\"center\" alt=\"\" data-full=\"https:\/\/m13solidaire.fr\/wp-content\/uploads\/2024\/06\/photo-jardins-Abert-Kahn-3.jpg\" title=\"photo jardins Abert Kahn 3\" crop=\"\" width=\"225\" height=\"300\" src=\"https:\/\/m13solidaire.fr\/wp-content\/uploads\/2024\/06\/photo-jardins-Abert-Kahn-3-225x300.jpg\" data-src=\"https:\/\/m13solidaire.fr\/wp-content\/uploads\/2024\/06\/photo-jardins-Abert-Kahn-3-225x300.jpg\" data-caption=\"\" srcset=\"https:\/\/m13solidaire.fr\/wp-content\/uploads\/2024\/06\/photo-jardins-Abert-Kahn-3.jpg 480w, https:\/\/m13solidaire.fr\/wp-content\/uploads\/2024\/06\/photo-jardins-Abert-Kahn-3-225x300.jpg 225w, https:\/\/m13solidaire.fr\/wp-content\/uploads\/2024\/06\/photo-jardins-Abert-Kahn-3-300x400.jpg 300w\" sizes=\"(max-width: 225px) 100vw, 225px\" \/>\n\t\t<div class=\"figc no-description\">\n\t\t\t<div class=\"figc-inner\">\n\t\t\t\t\t\t\t\t\t\t\t\t\t\t\t<\/div>\n\t\t<\/div>\n\n\t<\/div>\n\n<\/div><div class=\"modula-item effect-pufrobo\" >\n\t<div class=\"modula-item-overlay\"><\/div>\n\n\t<div class=\"modula-item-content\">\n\n\t\t<a data-image-id=\"1192\" role=\"button\" data-elementor-open-lightbox=\"no\" tabindex=\"0\" rel=\"jtg-1177\" data-caption=\"\" aria-label=\"Open image in lightbox\" class=\"tile-inner modula-item-link\"><\/a><img loading=\"lazy\" decoding=\"async\" class=\"pic wp-image-1192\"  data-valign=\"middle\" data-halign=\"center\" alt=\"\" data-full=\"https:\/\/m13solidaire.fr\/wp-content\/uploads\/2024\/06\/photo-jardins-Abert-Kahn-6.jpg\" title=\"photo jardins Abert Kahn 6\" crop=\"\" width=\"225\" height=\"300\" src=\"https:\/\/m13solidaire.fr\/wp-content\/uploads\/2024\/06\/photo-jardins-Abert-Kahn-6-225x300.jpg\" data-src=\"https:\/\/m13solidaire.fr\/wp-content\/uploads\/2024\/06\/photo-jardins-Abert-Kahn-6-225x300.jpg\" data-caption=\"\" srcset=\"https:\/\/m13solidaire.fr\/wp-content\/uploads\/2024\/06\/photo-jardins-Abert-Kahn-6.jpg 480w, https:\/\/m13solidaire.fr\/wp-content\/uploads\/2024\/06\/photo-jardins-Abert-Kahn-6-225x300.jpg 225w, https:\/\/m13solidaire.fr\/wp-content\/uploads\/2024\/06\/photo-jardins-Abert-Kahn-6-300x400.jpg 300w\" sizes=\"(max-width: 225px) 100vw, 225px\" \/>\n\t\t<div class=\"figc no-description\">\n\t\t\t<div class=\"figc-inner\">\n\t\t\t\t\t\t\t\t\t\t\t\t\t\t\t<\/div>\n\t\t<\/div>\n\n\t<\/div>\n\n<\/div><div class=\"modula-item effect-pufrobo\" >\n\t<div class=\"modula-item-overlay\"><\/div>\n\n\t<div class=\"modula-item-content\">\n\n\t\t<a data-image-id=\"1193\" role=\"button\" data-elementor-open-lightbox=\"no\" tabindex=\"0\" rel=\"jtg-1177\" data-caption=\"\" aria-label=\"Open image in lightbox\" class=\"tile-inner modula-item-link\"><\/a><img loading=\"lazy\" decoding=\"async\" class=\"pic wp-image-1193\"  data-valign=\"middle\" data-halign=\"center\" alt=\"\" data-full=\"https:\/\/m13solidaire.fr\/wp-content\/uploads\/2024\/06\/photo-jardins-Albert-Kahn-1.jpg\" title=\"photo jardins Albert Kahn 1\" crop=\"\" width=\"225\" height=\"300\" src=\"https:\/\/m13solidaire.fr\/wp-content\/uploads\/2024\/06\/photo-jardins-Albert-Kahn-1-225x300.jpg\" data-src=\"https:\/\/m13solidaire.fr\/wp-content\/uploads\/2024\/06\/photo-jardins-Albert-Kahn-1-225x300.jpg\" data-caption=\"\" srcset=\"https:\/\/m13solidaire.fr\/wp-content\/uploads\/2024\/06\/photo-jardins-Albert-Kahn-1.jpg 480w, https:\/\/m13solidaire.fr\/wp-content\/uploads\/2024\/06\/photo-jardins-Albert-Kahn-1-225x300.jpg 225w, https:\/\/m13solidaire.fr\/wp-content\/uploads\/2024\/06\/photo-jardins-Albert-Kahn-1-300x400.jpg 300w\" sizes=\"(max-width: 225px) 100vw, 225px\" \/>\n\t\t<div class=\"figc no-description\">\n\t\t\t<div class=\"figc-inner\">\n\t\t\t\t\t\t\t\t\t\t\t\t\t\t\t<\/div>\n\t\t<\/div>\n\n\t<\/div>\n\n<\/div><div class=\"modula-item effect-pufrobo\" >\n\t<div class=\"modula-item-overlay\"><\/div>\n\n\t<div class=\"modula-item-content\">\n\n\t\t<a data-image-id=\"1194\" role=\"button\" data-elementor-open-lightbox=\"no\" tabindex=\"0\" rel=\"jtg-1177\" data-caption=\"\" aria-label=\"Open image in lightbox\" class=\"tile-inner modula-item-link\"><\/a><img loading=\"lazy\" decoding=\"async\" class=\"pic wp-image-1194\"  data-valign=\"middle\" data-halign=\"center\" alt=\"\" data-full=\"https:\/\/m13solidaire.fr\/wp-content\/uploads\/2024\/06\/photo-jardins-Albert-Kahn-4.jpg\" title=\"photo jardins Albert Kahn 4\" crop=\"\" width=\"225\" height=\"300\" src=\"https:\/\/m13solidaire.fr\/wp-content\/uploads\/2024\/06\/photo-jardins-Albert-Kahn-4-225x300.jpg\" data-src=\"https:\/\/m13solidaire.fr\/wp-content\/uploads\/2024\/06\/photo-jardins-Albert-Kahn-4-225x300.jpg\" data-caption=\"\" srcset=\"https:\/\/m13solidaire.fr\/wp-content\/uploads\/2024\/06\/photo-jardins-Albert-Kahn-4.jpg 480w, https:\/\/m13solidaire.fr\/wp-content\/uploads\/2024\/06\/photo-jardins-Albert-Kahn-4-225x300.jpg 225w, https:\/\/m13solidaire.fr\/wp-content\/uploads\/2024\/06\/photo-jardins-Albert-Kahn-4-300x400.jpg 300w\" sizes=\"(max-width: 225px) 100vw, 225px\" \/>\n\t\t<div class=\"figc no-description\">\n\t\t\t<div class=\"figc-inner\">\n\t\t\t\t\t\t\t\t\t\t\t\t\t\t\t<\/div>\n\t\t<\/div>\n\n\t<\/div>\n\n<\/div><div class=\"modula-item effect-pufrobo\" >\n\t<div class=\"modula-item-overlay\"><\/div>\n\n\t<div class=\"modula-item-content\">\n\n\t\t<a data-image-id=\"1195\" role=\"button\" data-elementor-open-lightbox=\"no\" tabindex=\"0\" rel=\"jtg-1177\" data-caption=\"\" aria-label=\"Open image in lightbox\" class=\"tile-inner modula-item-link\"><\/a><img loading=\"lazy\" decoding=\"async\" class=\"pic wp-image-1195\"  data-valign=\"middle\" data-halign=\"center\" alt=\"\" data-full=\"https:\/\/m13solidaire.fr\/wp-content\/uploads\/2024\/06\/photo-jardins-Albert-Kahn-5.jpg\" title=\"photo jardins Albert Kahn 5\" crop=\"\" width=\"195\" height=\"300\" src=\"https:\/\/m13solidaire.fr\/wp-content\/uploads\/2024\/06\/photo-jardins-Albert-Kahn-5-195x300.jpg\" data-src=\"https:\/\/m13solidaire.fr\/wp-content\/uploads\/2024\/06\/photo-jardins-Albert-Kahn-5-195x300.jpg\" data-caption=\"\" srcset=\"https:\/\/m13solidaire.fr\/wp-content\/uploads\/2024\/06\/photo-jardins-Albert-Kahn-5.jpg 416w, https:\/\/m13solidaire.fr\/wp-content\/uploads\/2024\/06\/photo-jardins-Albert-Kahn-5-195x300.jpg 195w, https:\/\/m13solidaire.fr\/wp-content\/uploads\/2024\/06\/photo-jardins-Albert-Kahn-5-300x462.jpg 300w\" sizes=\"(max-width: 195px) 100vw, 195px\" \/>\n\t\t<div class=\"figc no-description\">\n\t\t\t<div class=\"figc-inner\">\n\t\t\t\t\t\t\t\t\t\t\t\t\t\t\t<\/div>\n\t\t<\/div>\n\n\t<\/div>\n\n<\/div><div class=\"modula-item effect-pufrobo\" >\n\t<div class=\"modula-item-overlay\"><\/div>\n\n\t<div class=\"modula-item-content\">\n\n\t\t<a data-image-id=\"1196\" role=\"button\" data-elementor-open-lightbox=\"no\" tabindex=\"0\" rel=\"jtg-1177\" data-caption=\"\" aria-label=\"Open image in lightbox\" class=\"tile-inner modula-item-link\"><\/a><img loading=\"lazy\" decoding=\"async\" class=\"pic wp-image-1196\"  data-valign=\"middle\" data-halign=\"center\" alt=\"\" data-full=\"https:\/\/m13solidaire.fr\/wp-content\/uploads\/2024\/06\/photo-Philharmonie-1.jpg\" title=\"photo Philharmonie 1\" crop=\"\" width=\"300\" height=\"225\" src=\"https:\/\/m13solidaire.fr\/wp-content\/uploads\/2024\/06\/photo-Philharmonie-1-300x225.jpg\" data-src=\"https:\/\/m13solidaire.fr\/wp-content\/uploads\/2024\/06\/photo-Philharmonie-1-300x225.jpg\" data-caption=\"\" srcset=\"https:\/\/m13solidaire.fr\/wp-content\/uploads\/2024\/06\/photo-Philharmonie-1.jpg 640w, https:\/\/m13solidaire.fr\/wp-content\/uploads\/2024\/06\/photo-Philharmonie-1-300x225.jpg 300w, https:\/\/m13solidaire.fr\/wp-content\/uploads\/2024\/06\/photo-Philharmonie-1-600x450.jpg 600w\" sizes=\"(max-width: 300px) 100vw, 300px\" \/>\n\t\t<div class=\"figc no-description\">\n\t\t\t<div class=\"figc-inner\">\n\t\t\t\t\t\t\t\t\t\t\t\t\t\t\t<\/div>\n\t\t<\/div>\n\n\t<\/div>\n\n<\/div><div class=\"modula-item effect-pufrobo\" >\n\t<div class=\"modula-item-overlay\"><\/div>\n\n\t<div class=\"modula-item-content\">\n\n\t\t<a data-image-id=\"1197\" role=\"button\" data-elementor-open-lightbox=\"no\" tabindex=\"0\" rel=\"jtg-1177\" data-caption=\"\" aria-label=\"Open image in lightbox\" class=\"tile-inner modula-item-link\"><\/a><img loading=\"lazy\" decoding=\"async\" class=\"pic wp-image-1197\"  data-valign=\"middle\" data-halign=\"center\" alt=\"\" data-full=\"https:\/\/m13solidaire.fr\/wp-content\/uploads\/2024\/06\/photo-Philharmonie-2-piano-Chopin.jpg\" title=\"photo Philharmonie 2 piano Chopin\" crop=\"\" width=\"225\" height=\"300\" src=\"https:\/\/m13solidaire.fr\/wp-content\/uploads\/2024\/06\/photo-Philharmonie-2-piano-Chopin-225x300.jpg\" data-src=\"https:\/\/m13solidaire.fr\/wp-content\/uploads\/2024\/06\/photo-Philharmonie-2-piano-Chopin-225x300.jpg\" data-caption=\"\" srcset=\"https:\/\/m13solidaire.fr\/wp-content\/uploads\/2024\/06\/photo-Philharmonie-2-piano-Chopin.jpg 480w, https:\/\/m13solidaire.fr\/wp-content\/uploads\/2024\/06\/photo-Philharmonie-2-piano-Chopin-225x300.jpg 225w, https:\/\/m13solidaire.fr\/wp-content\/uploads\/2024\/06\/photo-Philharmonie-2-piano-Chopin-300x400.jpg 300w\" sizes=\"(max-width: 225px) 100vw, 225px\" \/>\n\t\t<div class=\"figc no-description\">\n\t\t\t<div class=\"figc-inner\">\n\t\t\t\t\t\t\t\t\t\t\t\t\t\t\t<\/div>\n\t\t<\/div>\n\n\t<\/div>\n\n<\/div><div class=\"modula-item effect-pufrobo\" >\n\t<div class=\"modula-item-overlay\"><\/div>\n\n\t<div class=\"modula-item-content\">\n\n\t\t<a data-image-id=\"1198\" role=\"button\" data-elementor-open-lightbox=\"no\" tabindex=\"0\" rel=\"jtg-1177\" data-caption=\"\" aria-label=\"Open image in lightbox\" class=\"tile-inner modula-item-link\"><\/a><img loading=\"lazy\" decoding=\"async\" class=\"pic wp-image-1198\"  data-valign=\"middle\" data-halign=\"center\" alt=\"\" data-full=\"https:\/\/m13solidaire.fr\/wp-content\/uploads\/2024\/06\/photo-Philharmonie-3-Octobasse.jpg\" title=\"photo Philharmonie 3 Octobasse\" crop=\"\" width=\"188\" height=\"300\" src=\"https:\/\/m13solidaire.fr\/wp-content\/uploads\/2024\/06\/photo-Philharmonie-3-Octobasse-188x300.jpg\" data-src=\"https:\/\/m13solidaire.fr\/wp-content\/uploads\/2024\/06\/photo-Philharmonie-3-Octobasse-188x300.jpg\" data-caption=\"\" srcset=\"https:\/\/m13solidaire.fr\/wp-content\/uploads\/2024\/06\/photo-Philharmonie-3-Octobasse.jpg 402w, https:\/\/m13solidaire.fr\/wp-content\/uploads\/2024\/06\/photo-Philharmonie-3-Octobasse-188x300.jpg 188w, https:\/\/m13solidaire.fr\/wp-content\/uploads\/2024\/06\/photo-Philharmonie-3-Octobasse-300x478.jpg 300w\" sizes=\"(max-width: 188px) 100vw, 188px\" \/>\n\t\t<div class=\"figc no-description\">\n\t\t\t<div class=\"figc-inner\">\n\t\t\t\t\t\t\t\t\t\t\t\t\t\t\t<\/div>\n\t\t<\/div>\n\n\t<\/div>\n\n<\/div><div class=\"modula-item effect-pufrobo\" >\n\t<div class=\"modula-item-overlay\"><\/div>\n\n\t<div class=\"modula-item-content\">\n\n\t\t<a data-image-id=\"1199\" role=\"button\" data-elementor-open-lightbox=\"no\" tabindex=\"0\" rel=\"jtg-1177\" data-caption=\"\" aria-label=\"Open image in lightbox\" class=\"tile-inner modula-item-link\"><\/a><img loading=\"lazy\" decoding=\"async\" class=\"pic wp-image-1199\"  data-valign=\"middle\" data-halign=\"center\" alt=\"\" data-full=\"https:\/\/m13solidaire.fr\/wp-content\/uploads\/2024\/06\/photo-Philharmonie-4.jpg\" title=\"photo Philharmonie 4\" crop=\"\" width=\"225\" height=\"300\" src=\"https:\/\/m13solidaire.fr\/wp-content\/uploads\/2024\/06\/photo-Philharmonie-4-225x300.jpg\" data-src=\"https:\/\/m13solidaire.fr\/wp-content\/uploads\/2024\/06\/photo-Philharmonie-4-225x300.jpg\" data-caption=\"\" srcset=\"https:\/\/m13solidaire.fr\/wp-content\/uploads\/2024\/06\/photo-Philharmonie-4.jpg 480w, https:\/\/m13solidaire.fr\/wp-content\/uploads\/2024\/06\/photo-Philharmonie-4-225x300.jpg 225w, https:\/\/m13solidaire.fr\/wp-content\/uploads\/2024\/06\/photo-Philharmonie-4-300x400.jpg 300w\" sizes=\"(max-width: 225px) 100vw, 225px\" \/>\n\t\t<div class=\"figc no-description\">\n\t\t\t<div class=\"figc-inner\">\n\t\t\t\t\t\t\t\t\t\t\t\t\t\t\t<\/div>\n\t\t<\/div>\n\n\t<\/div>\n\n<\/div><div class=\"modula-item effect-pufrobo\" >\n\t<div class=\"modula-item-overlay\"><\/div>\n\n\t<div class=\"modula-item-content\">\n\n\t\t<a data-image-id=\"1200\" role=\"button\" data-elementor-open-lightbox=\"no\" tabindex=\"0\" rel=\"jtg-1177\" data-caption=\"\" aria-label=\"Open image in lightbox\" class=\"tile-inner modula-item-link\"><\/a><img loading=\"lazy\" decoding=\"async\" class=\"pic wp-image-1200\"  data-valign=\"middle\" data-halign=\"center\" alt=\"\" data-full=\"https:\/\/m13solidaire.fr\/wp-content\/uploads\/2024\/06\/photo-Senat-1.jpg\" title=\"photo S\u00e9nat 1\" crop=\"\" width=\"225\" height=\"300\" src=\"https:\/\/m13solidaire.fr\/wp-content\/uploads\/2024\/06\/photo-Senat-1-225x300.jpg\" data-src=\"https:\/\/m13solidaire.fr\/wp-content\/uploads\/2024\/06\/photo-Senat-1-225x300.jpg\" data-caption=\"\" srcset=\"https:\/\/m13solidaire.fr\/wp-content\/uploads\/2024\/06\/photo-Senat-1.jpg 1512w, https:\/\/m13solidaire.fr\/wp-content\/uploads\/2024\/06\/photo-Senat-1-225x300.jpg 225w, https:\/\/m13solidaire.fr\/wp-content\/uploads\/2024\/06\/photo-Senat-1-768x1024.jpg 768w, https:\/\/m13solidaire.fr\/wp-content\/uploads\/2024\/06\/photo-Senat-1-1152x1536.jpg 1152w, https:\/\/m13solidaire.fr\/wp-content\/uploads\/2024\/06\/photo-Senat-1-300x400.jpg 300w, https:\/\/m13solidaire.fr\/wp-content\/uploads\/2024\/06\/photo-Senat-1-600x800.jpg 600w\" sizes=\"(max-width: 225px) 100vw, 225px\" \/>\n\t\t<div class=\"figc no-description\">\n\t\t\t<div class=\"figc-inner\">\n\t\t\t\t\t\t\t\t\t\t\t\t\t\t\t<\/div>\n\t\t<\/div>\n\n\t<\/div>\n\n<\/div><div class=\"modula-item effect-pufrobo\" >\n\t<div class=\"modula-item-overlay\"><\/div>\n\n\t<div class=\"modula-item-content\">\n\n\t\t<a data-image-id=\"1201\" role=\"button\" data-elementor-open-lightbox=\"no\" tabindex=\"0\" rel=\"jtg-1177\" data-caption=\"\" aria-label=\"Open image in lightbox\" class=\"tile-inner modula-item-link\"><\/a><img loading=\"lazy\" decoding=\"async\" class=\"pic wp-image-1201\"  data-valign=\"middle\" data-halign=\"center\" alt=\"\" data-full=\"https:\/\/m13solidaire.fr\/wp-content\/uploads\/2024\/06\/photo-Senat-2.jpg\" title=\"photo S\u00e9nat 2\" crop=\"\" width=\"234\" height=\"300\" src=\"https:\/\/m13solidaire.fr\/wp-content\/uploads\/2024\/06\/photo-Senat-2-234x300.jpg\" data-src=\"https:\/\/m13solidaire.fr\/wp-content\/uploads\/2024\/06\/photo-Senat-2-234x300.jpg\" data-caption=\"\" srcset=\"https:\/\/m13solidaire.fr\/wp-content\/uploads\/2024\/06\/photo-Senat-2.jpg 1461w, https:\/\/m13solidaire.fr\/wp-content\/uploads\/2024\/06\/photo-Senat-2-234x300.jpg 234w, https:\/\/m13solidaire.fr\/wp-content\/uploads\/2024\/06\/photo-Senat-2-798x1024.jpg 798w, https:\/\/m13solidaire.fr\/wp-content\/uploads\/2024\/06\/photo-Senat-2-768x986.jpg 768w, https:\/\/m13solidaire.fr\/wp-content\/uploads\/2024\/06\/photo-Senat-2-1197x1536.jpg 1197w, https:\/\/m13solidaire.fr\/wp-content\/uploads\/2024\/06\/photo-Senat-2-300x385.jpg 300w, https:\/\/m13solidaire.fr\/wp-content\/uploads\/2024\/06\/photo-Senat-2-600x770.jpg 600w\" sizes=\"(max-width: 234px) 100vw, 234px\" \/>\n\t\t<div class=\"figc no-description\">\n\t\t\t<div class=\"figc-inner\">\n\t\t\t\t\t\t\t\t\t\t\t\t\t\t\t<\/div>\n\t\t<\/div>\n\n\t<\/div>\n\n<\/div>\t\t\n\t<\/div>\n\n\t\n\t\n\t<script type=\"application\/ld+json\">\n\t{\n\t\t\"@context\": \"http:\/\/schema.org\",\n\t\t\"@type\"   : \"ImageGallery\",\n\t\t\"id\"      : \"https:\/\/m13solidaire.fr\/?page_id=1222\/\",\n\t\t\"url\"     : \"https:\/\/m13solidaire.fr\/?page_id=1222\/\"\n\t}\n\n\t<\/script>\n\n\t\n<\/div>\n","protected":false},"excerpt":{"rendered":"","protected":false},"author":1,"featured_media":0,"parent":0,"menu_order":0,"comment_status":"closed","ping_status":"closed","template":"","meta":{"footnotes":""},"class_list":["post-1222","page","type-page","status-publish","hentry"],"blocksy_meta":[],"_links":{"self":[{"href":"https:\/\/m13solidaire.fr\/index.php?rest_route=\/wp\/v2\/pages\/1222","targetHints":{"allow":["GET"]}}],"collection":[{"href":"https:\/\/m13solidaire.fr\/index.php?rest_route=\/wp\/v2\/pages"}],"about":[{"href":"https:\/\/m13solidaire.fr\/index.php?rest_route=\/wp\/v2\/types\/page"}],"author":[{"embeddable":true,"href":"https:\/\/m13solidaire.fr\/index.php?rest_route=\/wp\/v2\/users\/1"}],"replies":[{"embeddable":true,"href":"https:\/\/m13solidaire.fr\/index.php?rest_route=%2Fwp%2Fv2%2Fcomments&post=1222"}],"version-history":[{"count":1,"href":"https:\/\/m13solidaire.fr\/index.php?rest_route=\/wp\/v2\/pages\/1222\/revisions"}],"predecessor-version":[{"id":1223,"href":"https:\/\/m13solidaire.fr\/index.php?rest_route=\/wp\/v2\/pages\/1222\/revisions\/1223"}],"wp:attachment":[{"href":"https:\/\/m13solidaire.fr\/index.php?rest_route=%2Fwp%2Fv2%2Fmedia&parent=1222"}],"curies":[{"name":"wp","href":"https:\/\/api.w.org\/{rel}","templated":true}]}}